{"id":23214,"date":"2026-08-28T14:27:19","date_gmt":"2026-08-28T12:27:19","guid":{"rendered":"https:\/\/juso-shop.ch\/produkt\/infarot-rompre-avec-les-traditions\/"},"modified":"2026-08-28T14:27:19","modified_gmt":"2026-08-28T12:27:19","slug":"infarot-rompre-avec-les-traditions","status":"publish","type":"product","link":"https:\/\/juso-shop.ch\/fr\/produit\/infarot-rompre-avec-les-traditions\/","title":{"rendered":"Infarot. - Rompre avec les traditions"},"content":{"rendered":"<p>Le nouveau num\u00e9ro d'Infrarot est consacr\u00e9 au th\u00e8me de la tradition et \u00e0 la rupture avec les traditions.<\/p>\n<p>Sommaire :<\/p>\n<ul>\n<li>C'est comme \u00e7a que na\u00eet un sentiment d'appartenance<\/li>\n<li>La g\u00e9om\u00e9trie du silence<\/li>\n<li>La tradition du mouvement queer<\/li>\n<li>Ren\u00e9 Gardi, le colonialisme et le r\u00f4le de la Suisse<\/li>\n<li>La Suisse et sa neutralit\u00e9<\/li>\n<li>Qu'est-ce qu'on fait de la famille nucl\u00e9aire ?<\/li>\n<li>C'est une tradition ou on peut s'en passer ?<\/li>\n<li>La social-d\u00e9mocratie : le pilier de gauche du capitalisme<\/li>\n<li>La tradition, c'est \u00e0 la mode chez les gens de droite<\/li>\n<\/ul>\n<p>Plus d'infos :<\/p>\n<blockquote class=\"wp-embedded-content\" data-secret=\"uD0MnrQthX\"><p><a href=\"https:\/\/infrarot.news\/\">Home<\/a><\/p><\/blockquote>\n<p><iframe loading=\"lazy\" class=\"wp-embedded-content\" sandbox=\"allow-scripts\" security=\"restricted\" style=\"position: absolute; visibility: hidden;\" title=\"\u00abHome\u00bb \u2013 Infrarot.\" src=\"https:\/\/infrarot.news\/embed\/#?secret=lJENMQdpJ6#?secret=uD0MnrQthX\" data-secret=\"uD0MnrQthX\" width=\"600\" height=\"338\" frameborder=\"0\" marginwidth=\"0\" marginheight=\"0\" scrolling=\"no\"><\/iframe><\/p>\n","protected":false},"excerpt":{"rendered":"<p>Le nouveau num\u00e9ro d'Infrarot est consacr\u00e9 au th\u00e8me de la tradition et \u00e0 la rupture avec les traditions. Sommaire : C'est comme \u00e7a que na\u00eet un sentiment d'appartenance La g\u00e9om\u00e9trie du silence La tradition du mouvement queer Ren\u00e9 Gardi, le colonialisme et le r\u00f4le de la Suisse La Suisse et sa neutralit\u00e9 Qu'est-ce qu'on fait&#8230;<\/p>\n","protected":false},"featured_media":23213,"comment_status":"closed","ping_status":"closed","template":"","meta":{"_kad_blocks_custom_css":"","_kad_blocks_head_custom_js":"","_kad_blocks_body_custom_js":"","_kad_blocks_footer_custom_js":"","_kad_post_transparent":"","_kad_post_title":"","_kad_post_layout":"","_kad_post_sidebar_id":"","_kad_post_content_style":"","_kad_post_vertical_padding":"","_kad_post_feature":"","_kad_post_feature_position":"","_kad_post_header":false,"_kad_post_footer":false,"_kad_post_classname":"","slim_seo":{"title":"Infarot. - Rompre avec les traditions - JS Shop","description":"Le nouveau num\u00e9ro d'Infrarot est consacr\u00e9 au th\u00e8me de la tradition et \u00e0 la rupture avec les traditions. Sommaire : C'est comme \u00e7a que na\u00eet un sentiment d'appart"},"_slim_seo_primary_term_product_brand":0,"_slim_seo_primary_term_product_cat":0,"_slim_seo_primary_term_product_tag":0},"product_brand":[],"product_cat":[482],"product_tag":[],"class_list":["post-23214","product","type-product","status-publish","has-post-thumbnail","product_cat-infrarot","first","instock","shipping-taxable","purchasable","product-type-simple","entry","content-bg","loop-entry"],"taxonomy_info":{"product_cat":[{"value":482,"label":"INFRAROT"}]},"featured_image_src_large":["https:\/\/juso-shop.ch\/wp-content\/uploads\/2026\/08\/P1010490-2.jpg-683x1024.jpeg",683,1024,true],"author_info":[],"comment_info":0,"_links":{"self":[{"href":"https:\/\/juso-shop.ch\/fr\/wp-json\/wp\/v2\/product\/23214","targetHints":{"allow":["GET"]}}],"collection":[{"href":"https:\/\/juso-shop.ch\/fr\/wp-json\/wp\/v2\/product"}],"about":[{"href":"https:\/\/juso-shop.ch\/fr\/wp-json\/wp\/v2\/types\/product"}],"replies":[{"embeddable":true,"href":"https:\/\/juso-shop.ch\/fr\/wp-json\/wp\/v2\/comments?post=23214"}],"wp:featuredmedia":[{"embeddable":true,"href":"https:\/\/juso-shop.ch\/fr\/wp-json\/wp\/v2\/media\/23213"}],"wp:attachment":[{"href":"https:\/\/juso-shop.ch\/fr\/wp-json\/wp\/v2\/media?parent=23214"}],"wp:term":[{"taxonomy":"product_brand","embeddable":true,"href":"https:\/\/juso-shop.ch\/fr\/wp-json\/wp\/v2\/product_brand?post=23214"},{"taxonomy":"product_cat","embeddable":true,"href":"https:\/\/juso-shop.ch\/fr\/wp-json\/wp\/v2\/product_cat?post=23214"},{"taxonomy":"product_tag","embeddable":true,"href":"https:\/\/juso-shop.ch\/fr\/wp-json\/wp\/v2\/product_tag?post=23214"}],"curies":[{"name":"wp","href":"https:\/\/api.w.org\/{rel}","templated":true}]}}