{"id":21209,"date":"2026-03-02T16:52:18","date_gmt":"2026-03-02T14:52:18","guid":{"rendered":"https:\/\/juso-shop.ch\/produkt\/affiche-tresser-des-tresses-former-des-liens\/"},"modified":"2026-03-02T18:00:29","modified_gmt":"2026-03-02T16:00:29","slug":"affiche-tresser-des-tresses-former-des-liens","status":"publish","type":"product","link":"https:\/\/juso-shop.ch\/fr\/produit\/affiche-tresser-des-tresses-former-des-liens\/","title":{"rendered":"Affiche \u00ab\u00a0Tresser des liens, pour d\u00e9truire l'oppression\u00a0\u00bb."},"content":{"rendered":"<p>Vive la solidarit\u00e9 f\u00e9ministe internationale !<\/p>\n<p>Voici l\u2019affiche sp\u00e9cialement cr\u00e9\u00e9e pour la journ\u00e9e des luttes f\u00e9ministes du 8 mars 2026. En r\u00e9action aux diff\u00e9rentes attaques subies par les personnes FLINTA partout dans le monde, le th\u00e8me de cette ann\u00e9e est la solidarit\u00e9 f\u00e9ministe internationale. Partout, nous assistons \u00e0 d\u2019immenses attaques sur les acquis et les progr\u00e8s obtenus par les mouvements f\u00e9ministes.  <\/p>\n<p>Apporte ton soutien aux luttes f\u00e9ministes du monde entier en accrochant quelque part notre affiche \u00ab Tresser des liens pour d\u00e9truire l\u2019oppression \u00bb<\/p>\n<p>L'affiche a \u00e9t\u00e9 con\u00e7ue par Ioanna Bachmann, JS Grisons.<\/p>\n<p>Les affiches seront vendues dans la boutique et mises \u00e0 disposition lors des \u00e9v\u00e9nements de la JUSO.<\/p>\n","protected":false},"excerpt":{"rendered":"<ul>\n<li>Taille : A3, format portrait<\/li>\n<li>Langue : allemand, fran\u00e7ais, italien<\/li>\n<li>Haute qualit\u00e9 de papier<\/li>\n<\/ul>\n","protected":false},"featured_media":21194,"comment_status":"closed","ping_status":"closed","template":"","meta":{"_kad_blocks_custom_css":"","_kad_blocks_head_custom_js":"","_kad_blocks_body_custom_js":"","_kad_blocks_footer_custom_js":"","_kad_post_transparent":"","_kad_post_title":"","_kad_post_layout":"","_kad_post_sidebar_id":"","_kad_post_content_style":"","_kad_post_vertical_padding":"","_kad_post_feature":"","_kad_post_feature_position":"","_kad_post_header":false,"_kad_post_footer":false,"_kad_post_classname":"","slim_seo":{"title":"Affiche \"Tresser des liens, pour d\u00e9truire l'oppression\". - JS Shop","description":"Taille : A3, format portrait Langue : allemand, fran\u00e7ais, italien Haute qualit\u00e9 de papier"},"_slim_seo_primary_term_product_brand":0,"_slim_seo_primary_term_product_cat":0,"_slim_seo_primary_term_product_tag":0},"product_brand":[],"product_cat":[227,245],"product_tag":[495,367,496,497],"class_list":["post-21209","product","type-product","status-publish","has-post-thumbnail","product_cat-affiches","product_cat-feminisme","product_tag-feminisme","product_tag-feminismus-fr","product_tag-tresse","product_tag-tresses","first","instock","shipping-taxable","purchasable","product-type-variable","entry","content-bg","loop-entry"],"taxonomy_info":{"product_cat":[{"value":227,"label":"Affiches"},{"value":245,"label":"F\u00e9minisme"}],"product_tag":[{"value":495,"label":"F\u00e9minisme"},{"value":367,"label":"Feminismus"},{"value":496,"label":"tresse"},{"value":497,"label":"Tresses"}]},"featured_image_src_large":["https:\/\/juso-shop.ch\/wp-content\/uploads\/2026\/03\/Plakat-Zoepfte-flechten-Banden-bilden-1-1024x768.png",1024,768,true],"author_info":[],"comment_info":0,"_links":{"self":[{"href":"https:\/\/juso-shop.ch\/fr\/wp-json\/wp\/v2\/product\/21209","targetHints":{"allow":["GET"]}}],"collection":[{"href":"https:\/\/juso-shop.ch\/fr\/wp-json\/wp\/v2\/product"}],"about":[{"href":"https:\/\/juso-shop.ch\/fr\/wp-json\/wp\/v2\/types\/product"}],"replies":[{"embeddable":true,"href":"https:\/\/juso-shop.ch\/fr\/wp-json\/wp\/v2\/comments?post=21209"}],"wp:featuredmedia":[{"embeddable":true,"href":"https:\/\/juso-shop.ch\/fr\/wp-json\/wp\/v2\/media\/21194"}],"wp:attachment":[{"href":"https:\/\/juso-shop.ch\/fr\/wp-json\/wp\/v2\/media?parent=21209"}],"wp:term":[{"taxonomy":"product_brand","embeddable":true,"href":"https:\/\/juso-shop.ch\/fr\/wp-json\/wp\/v2\/product_brand?post=21209"},{"taxonomy":"product_cat","embeddable":true,"href":"https:\/\/juso-shop.ch\/fr\/wp-json\/wp\/v2\/product_cat?post=21209"},{"taxonomy":"product_tag","embeddable":true,"href":"https:\/\/juso-shop.ch\/fr\/wp-json\/wp\/v2\/product_tag?post=21209"}],"curies":[{"name":"wp","href":"https:\/\/api.w.org\/{rel}","templated":true}]}}